{"id":25,"date":"2017-06-18T18:48:13","date_gmt":"2017-06-18T16:48:13","guid":{"rendered":"http:\/\/fahrschule-conrad.de\/?page_id=25"},"modified":"2024-08-07T16:13:11","modified_gmt":"2024-08-07T14:13:11","slug":"pkw","status":"publish","type":"page","link":"https:\/\/fahrschule-conrad.de\/?page_id=25","title":{"rendered":"PKW"},"content":{"rendered":"<div id=\"pl-25\"  class=\"panel-layout\" ><div id=\"pg-25-0\"  class=\"panel-grid panel-no-style\" ><div id=\"pgc-25-0-0\"  class=\"panel-grid-cell\" ><div id=\"panel-25-0-0-0\" class=\"so-panel widget widget_sow-icon panel-first-child panel-last-child\" data-index=\"0\" ><div\n\t\t\t\n\t\t\tclass=\"so-widget-sow-icon so-widget-sow-icon-default-5220a85bc118-25\"\n\t\t\t\n\t\t>\n<div class=\"sow-icon-container sow-icon\">\n\t\t\t<span class=\"sow-icon-fontawesome sow-fas\" data-sow-icon=\"&#xf1b9;\"\n\t\t \n\t\taria-hidden=\"true\"><\/span>\t<\/div>\n<\/div><\/div><\/div><div id=\"pgc-25-0-1\"  class=\"panel-grid-cell\" ><div id=\"panel-25-0-1-0\" class=\"so-panel widget widget_sow-editor panel-first-child panel-last-child\" data-index=\"1\" ><div\n\t\t\t\n\t\t\tclass=\"so-widget-sow-editor so-widget-sow-editor-base\"\n\t\t\t\n\t\t>\n<div class=\"siteorigin-widget-tinymce textwidget\">\n\t<h1>PKW - Klasse B \/ B197\/ B-Automatik\/ BE \/ B96<\/h1>\n<\/div>\n<\/div><\/div><\/div><\/div><div id=\"pg-25-1\"  class=\"panel-grid panel-no-style\" ><div id=\"pgc-25-1-0\"  class=\"panel-grid-cell\" ><div id=\"panel-25-1-0-0\" class=\"so-panel widget widget_sow-editor panel-first-child panel-last-child\" data-index=\"2\" ><div\n\t\t\t\n\t\t\tclass=\"so-widget-sow-editor so-widget-sow-editor-base\"\n\t\t\t\n\t\t>\n<div class=\"siteorigin-widget-tinymce textwidget\">\n\t<div class=\"page\" title=\"Page 1\">\n<div class=\"layoutArea\">\n<div class=\"column\">\n<h2>Unsere Fahrzeuge<\/h2>\n<p>wir haben neue und aktuelle PKWs, es wird auch f\u00fcr dich was dabei sein.<br \/>\nWir sind uns sicher - hier ist f\u00fcr jeden Geschmack etwas dabei!<\/p>\n<\/div>\n<p><strong>Sprich uns an - \u00a0Gerne erstellen wir Dir ein ganz pers\u00f6nliches Angebot!<\/strong><\/p>\n<\/div>\n<\/div>\n<\/div>\n<\/div><\/div><\/div><\/div><div id=\"pg-25-2\"  class=\"panel-grid panel-no-style\" ><div id=\"pgc-25-2-0\"  class=\"panel-grid-cell\" ><div id=\"panel-25-2-0-0\" class=\"so-panel widget widget_sow-image panel-first-child panel-last-child\" data-index=\"3\" ><div class=\"panel-widget-style panel-widget-style-for-25-2-0-0\" ><div\n\t\t\t\n\t\t\tclass=\"so-widget-sow-image so-widget-sow-image-default-8b5b6f678277-25\"\n\t\t\t\n\t\t>\n<div class=\"sow-image-container\">\n\t\t<img \n\tsrc=\"https:\/\/fahrschule-conrad.de\/wp-content\/uploads\/IMG_4901-scaled.jpeg\" width=\"2560\" height=\"1920\" srcset=\"https:\/\/fahrschule-conrad.de\/wp-content\/uploads\/IMG_4901-scaled.jpeg 2560w, https:\/\/fahrschule-conrad.de\/wp-content\/uploads\/IMG_4901-300x225.jpeg 300w, https:\/\/fahrschule-conrad.de\/wp-content\/uploads\/IMG_4901-1024x768.jpeg 1024w, https:\/\/fahrschule-conrad.de\/wp-content\/uploads\/IMG_4901-768x576.jpeg 768w, https:\/\/fahrschule-conrad.de\/wp-content\/uploads\/IMG_4901-1536x1152.jpeg 1536w, https:\/\/fahrschule-conrad.de\/wp-content\/uploads\/IMG_4901-2048x1536.jpeg 2048w\" sizes=\"(max-width: 706px) 89vw, (max-width: 767px) 82vw, 740px\" title=\"IMG_4901\" alt=\"\" \t\tclass=\"so-widget-image\"\/>\n\t<\/div>\n\n<\/div><\/div><\/div><\/div><div id=\"pgc-25-2-1\"  class=\"panel-grid-cell\" ><div id=\"panel-25-2-1-0\" class=\"so-panel widget widget_sow-editor panel-first-child panel-last-child\" data-index=\"4\" ><div\n\t\t\t\n\t\t\tclass=\"so-widget-sow-editor so-widget-sow-editor-base\"\n\t\t\t\n\t\t>\n<div class=\"siteorigin-widget-tinymce textwidget\">\n\t<p><strong>Ford Focus \"Olaf\" Automatik<br \/>\n<\/strong>\u201eDer entspannte\u201c<\/p>\n<div class=\"page\" title=\"Page 2\">\n<div class=\"layoutArea\">\n<div class=\"column\">\n<p>Der Ford Focus ist sehr modern und hat ein gro\u00dfes MultimediaDisplay wo du alle wichtigen Einstellungen t\u00e4tigen kannst. Olaf ist nat\u00fcrlich mit den neuesten Fahrunterst\u00fctzungsprogrammen ausgestattet (z.B.: R\u00fcckfahrkamera, Parksensoren,\u00a0 Spurhalteassistent, Pre-Collisions Assistent, Teilautonomes Fahren ). Er wird f\u00fcr unsere reine Automatik Ausbildung genutzt und f\u00fcr die neue Klasse B197 und f\u00fcr unsere BE Ausbildung.<\/p>\n<\/div>\n<\/div>\n<\/div>\n<\/div>\n<\/div><\/div><\/div><\/div><div id=\"pg-25-3\"  class=\"panel-grid panel-no-style\" ><div id=\"pgc-25-3-0\"  class=\"panel-grid-cell\" ><div id=\"panel-25-3-0-0\" class=\"so-panel widget widget_sow-editor panel-first-child panel-last-child\" data-index=\"5\" ><div\n\t\t\t\n\t\t\tclass=\"so-widget-sow-editor so-widget-sow-editor-base\"\n\t\t\t\n\t\t><h3 class=\"widget-title\"> <\/h3>\n<div class=\"siteorigin-widget-tinymce textwidget\">\n\t<p><strong>Audi A3 \"Hildegard\" Schaltung<br \/>\n<\/strong>\"Der Sparsame\"<\/p>\n<div class=\"page\" title=\"Page 2\">\n<div class=\"page\" title=\"Page 3\">\n<div class=\"layoutArea\">\n<div class=\"column\">\n<p>Der Audi A3 ist unser Schaltfahrzeug in der Flotte. Er ist mit Fahrunterst\u00fctzungsprogrammen ausgestattet (z.B. R\u00fcckfahrkamera, Parksensoren) und mit einem digitalem Cockpit.<\/p>\n<\/div>\n<\/div>\n<\/div>\n<\/div>\n<\/div>\n<\/div><\/div><\/div><div id=\"pgc-25-3-1\"  class=\"panel-grid-cell\" ><div id=\"panel-25-3-1-0\" class=\"so-panel widget widget_sow-image panel-first-child panel-last-child\" data-index=\"6\" ><div class=\"panel-widget-style panel-widget-style-for-25-3-1-0\" ><div\n\t\t\t\n\t\t\tclass=\"so-widget-sow-image so-widget-sow-image-default-8b5b6f678277-25\"\n\t\t\t\n\t\t>\n<div class=\"sow-image-container\">\n\t\t<img \n\tsrc=\"https:\/\/fahrschule-conrad.de\/wp-content\/uploads\/Audi-A3-scaled.jpeg\" width=\"2560\" height=\"1368\" srcset=\"https:\/\/fahrschule-conrad.de\/wp-content\/uploads\/Audi-A3-scaled.jpeg 2560w, https:\/\/fahrschule-conrad.de\/wp-content\/uploads\/Audi-A3-300x160.jpeg 300w, https:\/\/fahrschule-conrad.de\/wp-content\/uploads\/Audi-A3-1024x547.jpeg 1024w, https:\/\/fahrschule-conrad.de\/wp-content\/uploads\/Audi-A3-768x410.jpeg 768w, https:\/\/fahrschule-conrad.de\/wp-content\/uploads\/Audi-A3-1536x821.jpeg 1536w, https:\/\/fahrschule-conrad.de\/wp-content\/uploads\/Audi-A3-2048x1094.jpeg 2048w\" sizes=\"(max-width: 706px) 89vw, (max-width: 767px) 82vw, 740px\" title=\"Audi A3\" alt=\"\" \t\tclass=\"so-widget-image\"\/>\n\t<\/div>\n\n<\/div><\/div><\/div><\/div><\/div><div id=\"pg-25-4\"  class=\"panel-grid panel-no-style\" ><div id=\"pgc-25-4-0\"  class=\"panel-grid-cell panel-grid-cell-empty panel-grid-cell-mobile-last\" ><\/div><div id=\"pgc-25-4-1\"  class=\"panel-grid-cell panel-grid-cell-empty\" ><\/div><\/div><div id=\"pg-25-5\"  class=\"panel-grid panel-no-style\" ><div id=\"pgc-25-5-0\"  class=\"panel-grid-cell\" ><div id=\"panel-25-5-0-0\" class=\"so-panel widget widget_sow-image panel-first-child panel-last-child\" data-index=\"7\" ><div class=\"panel-widget-style panel-widget-style-for-25-5-0-0\" ><div\n\t\t\t\n\t\t\tclass=\"so-widget-sow-image so-widget-sow-image-default-8b5b6f678277-25\"\n\t\t\t\n\t\t>\n<div class=\"sow-image-container\">\n\t\t<img \n\tsrc=\"https:\/\/fahrschule-conrad.de\/wp-content\/uploads\/Venom.jpeg\" width=\"1600\" height=\"1204\" srcset=\"https:\/\/fahrschule-conrad.de\/wp-content\/uploads\/Venom.jpeg 1600w, https:\/\/fahrschule-conrad.de\/wp-content\/uploads\/Venom-300x226.jpeg 300w, https:\/\/fahrschule-conrad.de\/wp-content\/uploads\/Venom-1024x771.jpeg 1024w, https:\/\/fahrschule-conrad.de\/wp-content\/uploads\/Venom-768x578.jpeg 768w, https:\/\/fahrschule-conrad.de\/wp-content\/uploads\/Venom-1536x1156.jpeg 1536w\" sizes=\"(max-width: 706px) 89vw, (max-width: 767px) 82vw, 740px\" alt=\"\" \t\tclass=\"so-widget-image\"\/>\n\t<\/div>\n\n<\/div><\/div><\/div><\/div><div id=\"pgc-25-5-1\"  class=\"panel-grid-cell\" ><div id=\"panel-25-5-1-0\" class=\"so-panel widget widget_sow-editor panel-first-child panel-last-child\" data-index=\"8\" ><div\n\t\t\t\n\t\t\tclass=\"so-widget-sow-editor so-widget-sow-editor-base\"\n\t\t\t\n\t\t>\n<div class=\"siteorigin-widget-tinymce textwidget\">\n\t<p><strong>Audi \"Venom\"\u00a0 Automatik<\/strong><\/p>\n<p>\"der neue\"<\/p>\n<p>Der Audi Q2 ist unser Kraftpaket mit digitalem Cockpit und einigen Fahrunterst\u00fctzungsprogrammen. Der Audi wird auch f\u00fcr die <strong>BE<\/strong> Ausbildung genutzt.<\/p>\n<p>&nbsp;<\/p>\n<\/div>\n<\/div><\/div><\/div><\/div><div id=\"pg-25-6\"  class=\"panel-grid panel-no-style\" ><div id=\"pgc-25-6-0\"  class=\"panel-grid-cell\" ><div id=\"panel-25-6-0-0\" class=\"so-panel widget widget_sow-editor panel-first-child panel-last-child\" data-index=\"9\" ><div\n\t\t\t\n\t\t\tclass=\"so-widget-sow-editor so-widget-sow-editor-base\"\n\t\t\t\n\t\t>\n<div class=\"siteorigin-widget-tinymce textwidget\">\n\t<p><strong>Audi \"Venom\" Automatik<\/strong><\/p>\n<p>\"der Kraftvolle\"<\/p>\n<p>Der Audi Q2 wird auch f\u00fcr die <strong>BE<\/strong> Ausbildung genutzt.<\/p>\n<p>&nbsp;<\/p>\n<\/div>\n<\/div><\/div><\/div><div id=\"pgc-25-6-1\"  class=\"panel-grid-cell\" ><div id=\"panel-25-6-1-0\" class=\"so-panel widget widget_sow-image panel-first-child panel-last-child\" data-index=\"10\" ><div class=\"panel-widget-style panel-widget-style-for-25-6-1-0\" ><div\n\t\t\t\n\t\t\tclass=\"so-widget-sow-image so-widget-sow-image-default-8b5b6f678277-25\"\n\t\t\t\n\t\t>\n<div class=\"sow-image-container\">\n\t\t<img \n\tsrc=\"https:\/\/fahrschule-conrad.de\/wp-content\/uploads\/Venom.jpeg\" width=\"1600\" height=\"1204\" srcset=\"https:\/\/fahrschule-conrad.de\/wp-content\/uploads\/Venom.jpeg 1600w, https:\/\/fahrschule-conrad.de\/wp-content\/uploads\/Venom-300x226.jpeg 300w, https:\/\/fahrschule-conrad.de\/wp-content\/uploads\/Venom-1024x771.jpeg 1024w, https:\/\/fahrschule-conrad.de\/wp-content\/uploads\/Venom-768x578.jpeg 768w, https:\/\/fahrschule-conrad.de\/wp-content\/uploads\/Venom-1536x1156.jpeg 1536w\" sizes=\"(max-width: 706px) 89vw, (max-width: 767px) 82vw, 740px\" alt=\"\" \t\tclass=\"so-widget-image\"\/>\n\t<\/div>\n\n<\/div><\/div><\/div><\/div><\/div><div id=\"pg-25-7\"  class=\"panel-grid panel-no-style\" ><div id=\"pgc-25-7-0\"  class=\"panel-grid-cell\" ><div id=\"panel-25-7-0-0\" class=\"so-panel widget widget_sow-image panel-first-child panel-last-child\" data-index=\"11\" ><div class=\"panel-widget-style panel-widget-style-for-25-7-0-0\" ><div\n\t\t\t\n\t\t\tclass=\"so-widget-sow-image so-widget-sow-image-default-8b5b6f678277-25\"\n\t\t\t\n\t\t>\n<div class=\"sow-image-container\">\n\t\t<img \n\tsrc=\"https:\/\/fahrschule-conrad.de\/wp-content\/uploads\/new.jpg\" width=\"2500\" height=\"1262\" srcset=\"https:\/\/fahrschule-conrad.de\/wp-content\/uploads\/new.jpg 2500w, https:\/\/fahrschule-conrad.de\/wp-content\/uploads\/new-300x151.jpg 300w, https:\/\/fahrschule-conrad.de\/wp-content\/uploads\/new-1024x517.jpg 1024w, https:\/\/fahrschule-conrad.de\/wp-content\/uploads\/new-768x388.jpg 768w, https:\/\/fahrschule-conrad.de\/wp-content\/uploads\/new-1536x775.jpg 1536w, https:\/\/fahrschule-conrad.de\/wp-content\/uploads\/new-2048x1034.jpg 2048w\" sizes=\"(max-width: 706px) 89vw, (max-width: 767px) 82vw, 740px\" alt=\"\" \t\tclass=\"so-widget-image\"\/>\n\t<\/div>\n\n<\/div><\/div><\/div><\/div><div id=\"pgc-25-7-1\"  class=\"panel-grid-cell\" ><div id=\"panel-25-7-1-0\" class=\"so-panel widget widget_sow-editor panel-first-child panel-last-child\" data-index=\"12\" ><div\n\t\t\t\n\t\t\tclass=\"so-widget-sow-editor so-widget-sow-editor-base\"\n\t\t\t\n\t\t>\n<div class=\"siteorigin-widget-tinymce textwidget\">\n\t<p><strong>Mercedes \"Gucci\" Automatik<\/strong><\/p>\n<p>\"der Begleiter\"<\/p>\n<p>die V-Klasse wird bei uns als <strong>Shuttle<\/strong> genutzt und als Motorrad Begleitfahrzeug, er begleitet die Motorrad Sch\u00fcler an hei\u00dfen Tagen, mit kalten Getr\u00e4nken und an nassen Tagen mit Handt\u00fcchern.<\/p>\n<\/div>\n<\/div><\/div><\/div><\/div><div id=\"pg-25-8\"  class=\"panel-grid panel-no-style\" ><div id=\"pgc-25-8-0\"  class=\"panel-grid-cell\" ><div id=\"panel-25-8-0-0\" class=\"so-panel widget widget_sow-editor panel-first-child panel-last-child\" data-index=\"13\" ><div\n\t\t\t\n\t\t\tclass=\"so-widget-sow-editor so-widget-sow-editor-base\"\n\t\t\t\n\t\t>\n<div class=\"siteorigin-widget-tinymce textwidget\">\n\t<p><strong>Mercedes \"der gro\u00dfe\" LKW<\/strong><\/p>\n<p>das ist unser gro\u00dfer, wir bilden mit <strong>IHM<\/strong> die Klassen C\/CE aus.<\/p>\n<p>&nbsp;<\/p>\n<\/div>\n<\/div><\/div><\/div><div id=\"pgc-25-8-1\"  class=\"panel-grid-cell\" ><div id=\"panel-25-8-1-0\" class=\"so-panel widget widget_sow-image panel-first-child panel-last-child\" data-index=\"14\" ><div class=\"panel-widget-style panel-widget-style-for-25-8-1-0\" ><div\n\t\t\t\n\t\t\tclass=\"so-widget-sow-image so-widget-sow-image-default-8b5b6f678277-25\"\n\t\t\t\n\t\t>\n<div class=\"sow-image-container\">\n\t\t<img \n\tsrc=\"https:\/\/fahrschule-conrad.de\/wp-content\/uploads\/1afa0e19-8dba-4bb0-8f43-d8206ad150b8.jpeg\" width=\"792\" height=\"1408\" srcset=\"https:\/\/fahrschule-conrad.de\/wp-content\/uploads\/1afa0e19-8dba-4bb0-8f43-d8206ad150b8.jpeg 792w, https:\/\/fahrschule-conrad.de\/wp-content\/uploads\/1afa0e19-8dba-4bb0-8f43-d8206ad150b8-169x300.jpeg 169w, https:\/\/fahrschule-conrad.de\/wp-content\/uploads\/1afa0e19-8dba-4bb0-8f43-d8206ad150b8-576x1024.jpeg 576w, https:\/\/fahrschule-conrad.de\/wp-content\/uploads\/1afa0e19-8dba-4bb0-8f43-d8206ad150b8-768x1365.jpeg 768w\" sizes=\"(max-width: 706px) 89vw, (max-width: 767px) 82vw, 740px\" alt=\"\" \t\tclass=\"so-widget-image\"\/>\n\t<\/div>\n\n<\/div><\/div><\/div><\/div><\/div><div id=\"pg-25-9\"  class=\"panel-grid panel-no-style\" ><div id=\"pgc-25-9-0\"  class=\"panel-grid-cell\" ><div id=\"panel-25-9-0-0\" class=\"so-panel widget widget_sow-editor panel-first-child panel-last-child\" data-index=\"15\" ><div\n\t\t\t\n\t\t\tclass=\"so-widget-sow-editor so-widget-sow-editor-base\"\n\t\t\t\n\t\t>\n<div class=\"siteorigin-widget-tinymce textwidget\">\n\t<h2>Unsere Anh\u00e4nger<\/h2>\n<div class=\"layoutArea\">F\u00fcr die F\u00fchrerscheinklassen <strong>BE<\/strong> und <strong>B96<\/strong> steht Dir als Zugfahrzeug der Audi Q2 \"Mammut &amp; Quhh\" zur Auswahl.<\/div>\n<div><\/div>\n<div class=\"page\" title=\"Page 3\">\n<div class=\"page\" title=\"Page 4\">\n<div class=\"layoutArea\">\n<p>Mit diesem wird je nach Kurs ein 2,5t Anh\u00e4nger mit Plane, oder ein Wohnwagen f\u00fcr speziellere Ausbildungen gezogen.<\/p>\n<p><strong>Du bist leidenschaftlicher Camper? Wir bieten spezielle Wohnwagen Kurse an - zum Beispiel Serpentinen Training in \u00d6sterreich!<\/strong><\/p>\n<\/div>\n<\/div>\n<\/div>\n<\/div>\n<\/div><\/div><\/div><\/div><div id=\"pg-25-10\"  class=\"panel-grid panel-no-style\" ><div id=\"pgc-25-10-0\"  class=\"panel-grid-cell\" ><div id=\"panel-25-10-0-0\" class=\"so-panel widget widget_sow-image panel-first-child panel-last-child\" data-index=\"16\" ><div class=\"panel-widget-style panel-widget-style-for-25-10-0-0\" ><div\n\t\t\t\n\t\t\tclass=\"so-widget-sow-image so-widget-sow-image-default-8b5b6f678277-25\"\n\t\t\t\n\t\t>\n<div class=\"sow-image-container\">\n\t\t<img \n\tsrc=\"https:\/\/fahrschule-conrad.de\/wp-content\/uploads\/haenger.jpg\" width=\"640\" height=\"533\" srcset=\"https:\/\/fahrschule-conrad.de\/wp-content\/uploads\/haenger.jpg 640w, https:\/\/fahrschule-conrad.de\/wp-content\/uploads\/haenger-300x250.jpg 300w\" sizes=\"(max-width: 640px) 100vw, 640px\" alt=\"\" \t\tclass=\"so-widget-image\"\/>\n\t<\/div>\n\n<\/div><\/div><\/div><\/div><div id=\"pgc-25-10-1\"  class=\"panel-grid-cell\" ><div id=\"panel-25-10-1-0\" class=\"so-panel widget widget_sow-editor panel-first-child panel-last-child\" data-index=\"17\" ><div\n\t\t\t\n\t\t\tclass=\"so-widget-sow-editor so-widget-sow-editor-base\"\n\t\t\t\n\t\t>\n<div class=\"siteorigin-widget-tinymce textwidget\">\n\t<p><strong>Anh\u00e4nger Anssems 2,5t mit Hochplane<br \/>\n<\/strong>\"Der Umzugshelfer\"<\/p>\n<p>Tandem Anh\u00e4nger<br \/>\nL\u00e4nge 4,80m, Breite 2,05m, H\u00f6he 1,85m<br \/>\nStandart Pr\u00fcfungsanh\u00e4nger der Klasse BE<br \/>\nbeladener Zustand<\/p>\n<\/div>\n<\/div><\/div><\/div><\/div><div id=\"pg-25-11\"  class=\"panel-grid panel-no-style\" ><div id=\"pgc-25-11-0\"  class=\"panel-grid-cell\" ><div id=\"panel-25-11-0-0\" class=\"so-panel widget widget_sow-editor panel-first-child panel-last-child\" data-index=\"18\" ><div\n\t\t\t\n\t\t\tclass=\"so-widget-sow-editor so-widget-sow-editor-base\"\n\t\t\t\n\t\t>\n<div class=\"siteorigin-widget-tinymce textwidget\">\n\t<p><strong>Caravan Training\/Fahrstunden<\/strong><\/p>\n<p>Sie k\u00f6nnen uns auch jederzeit f\u00fcr Wohnwagen Fahrstunden oder Training ansprechen.<\/p>\n<p>Die Trainings k\u00f6nnen sowohl mit unserem, als auch mit Ihrem eigenen<br \/>\nWohnwagen durchgef\u00fchrt werden.<\/p>\n<\/div>\n<\/div><\/div><\/div><div id=\"pgc-25-11-1\"  class=\"panel-grid-cell\" ><div id=\"panel-25-11-1-0\" class=\"so-panel widget widget_sow-image panel-first-child panel-last-child\" data-index=\"19\" ><div class=\"panel-widget-style panel-widget-style-for-25-11-1-0\" ><div\n\t\t\t\n\t\t\tclass=\"so-widget-sow-image so-widget-sow-image-default-8b5b6f678277-25\"\n\t\t\t\n\t\t>\n<div class=\"sow-image-container\">\n\t\t<img \n\tsrc=\"https:\/\/fahrschule-conrad.de\/wp-content\/uploads\/7C81FE45-0283-46F9-A731-64C99D13F158.jpg\" width=\"3724\" height=\"2096\" srcset=\"https:\/\/fahrschule-conrad.de\/wp-content\/uploads\/7C81FE45-0283-46F9-A731-64C99D13F158.jpg 3724w, https:\/\/fahrschule-conrad.de\/wp-content\/uploads\/7C81FE45-0283-46F9-A731-64C99D13F158-300x169.jpg 300w, https:\/\/fahrschule-conrad.de\/wp-content\/uploads\/7C81FE45-0283-46F9-A731-64C99D13F158-768x432.jpg 768w, https:\/\/fahrschule-conrad.de\/wp-content\/uploads\/7C81FE45-0283-46F9-A731-64C99D13F158-1024x576.jpg 1024w\" sizes=\"(max-width: 706px) 89vw, (max-width: 767px) 82vw, 740px\" alt=\"\" \t\tclass=\"so-widget-image\"\/>\n\t<\/div>\n\n<\/div><\/div><\/div><\/div><\/div><\/div>","protected":false},"excerpt":{"rendered":"<p>PKW &#8211; Klasse B \/ B197\/ B-Automatik\/ BE \/ B96 Unsere Fahrzeuge wir haben neue und aktuelle PKWs, es wird auch f\u00fcr dich was dabei sein. Wir sind uns sicher &#8211; hier ist f\u00fcr jeden Geschmack etwas dabei! Sprich uns an &#8211; \u00a0Gerne erstellen wir Dir ein ganz pers\u00f6nliches Angebot!<\/p>\n","protected":false},"author":1,"featured_media":0,"parent":0,"menu_order":0,"comment_status":"closed","ping_status":"closed","template":"","meta":{"footnotes":""},"class_list":["post-25","page","type-page","status-publish","hentry"],"_links":{"self":[{"href":"https:\/\/fahrschule-conrad.de\/index.php?rest_route=\/wp\/v2\/pages\/25","targetHints":{"allow":["GET"]}}],"collection":[{"href":"https:\/\/fahrschule-conrad.de\/index.php?rest_route=\/wp\/v2\/pages"}],"about":[{"href":"https:\/\/fahrschule-conrad.de\/index.php?rest_route=\/wp\/v2\/types\/page"}],"author":[{"embeddable":true,"href":"https:\/\/fahrschule-conrad.de\/index.php?rest_route=\/wp\/v2\/users\/1"}],"replies":[{"embeddable":true,"href":"https:\/\/fahrschule-conrad.de\/index.php?rest_route=%2Fwp%2Fv2%2Fcomments&post=25"}],"version-history":[{"count":335,"href":"https:\/\/fahrschule-conrad.de\/index.php?rest_route=\/wp\/v2\/pages\/25\/revisions"}],"predecessor-version":[{"id":2575,"href":"https:\/\/fahrschule-conrad.de\/index.php?rest_route=\/wp\/v2\/pages\/25\/revisions\/2575"}],"wp:attachment":[{"href":"https:\/\/fahrschule-conrad.de\/index.php?rest_route=%2Fwp%2Fv2%2Fmedia&parent=25"}],"curies":[{"name":"wp","href":"https:\/\/api.w.org\/{rel}","templated":true}]}}